{"id":5131,"date":"2021-05-24T09:12:51","date_gmt":"2021-05-24T09:12:51","guid":{"rendered":"http:\/\/www.iescristobaldemonroy.es\/wordpress\/?page_id=5131"},"modified":"2021-07-17T08:18:51","modified_gmt":"2021-07-17T08:18:51","slug":"cfgstyldual","status":"publish","type":"page","link":"https:\/\/www.iescristobaldemonroy.es\/wordpress\/cfgstyldual\/","title":{"rendered":"Proyecto Piloto Ciclo Formativo Grado Superior Transporte y Log\u00edstica Dual"},"content":{"rendered":"<div style=\"width: 100%;\">\n<p><img loading=\"lazy\" decoding=\"async\" class=\"aligncenter wp-image-5385\" src=\"https:\/\/www.iescristobaldemonroy.es\/wordpress\/wp-content\/uploads\/LogoProyectoPiloto.jpg\" alt=\"\" width=\"537\" height=\"298\" srcset=\"https:\/\/www.iescristobaldemonroy.es\/wordpress\/wp-content\/uploads\/LogoProyectoPiloto.jpg 1440w, https:\/\/www.iescristobaldemonroy.es\/wordpress\/wp-content\/uploads\/LogoProyectoPiloto-300x166.jpg 300w, https:\/\/www.iescristobaldemonroy.es\/wordpress\/wp-content\/uploads\/LogoProyectoPiloto-1024x567.jpg 1024w, https:\/\/www.iescristobaldemonroy.es\/wordpress\/wp-content\/uploads\/LogoProyectoPiloto-768x426.jpg 768w, https:\/\/www.iescristobaldemonroy.es\/wordpress\/wp-content\/uploads\/LogoProyectoPiloto-974x540.jpg 974w, https:\/\/www.iescristobaldemonroy.es\/wordpress\/wp-content\/uploads\/LogoProyectoPiloto-400x222.jpg 400w\" sizes=\"auto, (max-width: 537px) 100vw, 537px\" \/><\/p>\n<p>El pr\u00f3ximo curso comenzaremos a impartir el <span style=\"font-size: 14pt; color: #000000;\"><strong>Proyecto Piloto de Transporte y Log\u00edstica Dual <\/strong><\/span>seg\u00fan la modalidad de Formaci\u00f3n Profesional alemana.<\/p>\n<p>A lo largo de los tres cursos que comprende el proyecto ser\u00e1s un aprendiz en la empresa con un<span style=\"color: #000000;\"><strong> contrato remunerado de formaci\u00f3n y aprendizaje<\/strong><\/span>. Cada d\u00eda te formar\u00e1s en la empresa y en el centro educativo y tendr\u00e1s la opci\u00f3n de realizar movilidades Erasmus durante el tercer curso. Una vez finalizado el ciclo, podr\u00e1s solicitar la homologaci\u00f3n del t\u00edtulo con su equivalente alem\u00e1n.<\/p>\n<style>.wp-show-posts-columns#wpsp-5439 {margin-left: -2em; }.wp-show-posts-columns#wpsp-5439 .wp-show-posts-inner {margin: 0 0 2em 2em; }<\/style><section id=\"wpsp-5439\" class=\" wp-show-posts-columns wp-show-posts\" style=\"\"><article class=\" wp-show-posts-single post-9227 post type-post status-publish format-standard has-post-thumbnail hentry category-ciclos-formativos category-proyecto-piloto wpsp-col-6\" itemtype=\"http:\/\/schema.org\/CreativeWork\" itemscope><div class=\"wp-show-posts-inner\" style=\"\">\t\t\t\t\t\t<header class=\"wp-show-posts-entry-header\">\n\t\t\t\t\t\t\t<h2 class=\"wp-show-posts-entry-title\" itemprop=\"headline\"><a href=\"https:\/\/www.iescristobaldemonroy.es\/wordpress\/2024\/09\/06\/1o-ciclo-formativo-de-transporte-internacional\/\" rel=\"bookmark\">1\u00ba Ciclo Formativo Grado Superior de Transporte Internacional<\/a><\/h2><div class=\"wp-show-posts-entry-meta wp-show-posts-entry-meta-below-title post-meta-inline\"><span class=\"wp-show-posts-posted-on wp-show-posts-meta\">\n\t\t\t\t\t<a href=\"https:\/\/www.iescristobaldemonroy.es\/wordpress\/2024\/09\/06\/1o-ciclo-formativo-de-transporte-internacional\/\" title=\"9:01 am\" rel=\"bookmark\"><time class=\"wp-show-posts-entry-date published\" datetime=\"2024-09-06T09:01:38+00:00\" itemprop=\"datePublished\">6 septiembre, 2024<\/time><time class=\"wp-show-posts-updated\" datetime=\"2024-09-10T09:07:50+00:00\" itemprop=\"dateModified\">10 septiembre, 2024<\/time><\/a>\n\t\t\t\t<\/span><\/div>\t\t\t\t\t\t<\/header><!-- .entry-header -->\n\t\t\t\t\t\t\t<div class=\"wp-show-posts-image  wpsp-image-center \">\n\t\t\t<a href=\"https:\/\/www.iescristobaldemonroy.es\/wordpress\/2024\/09\/06\/1o-ciclo-formativo-de-transporte-internacional\/\"  title=\"1\u00ba Ciclo Formativo Grado Superior de Transporte Internacional\"><img loading=\"lazy\" decoding=\"async\" width=\"552\" height=\"129\" src=\"https:\/\/www.iescristobaldemonroy.es\/wordpress\/wp-content\/uploads\/TranspInter.png\" class=\"attachment-full size-full wp-post-image\" alt=\"\" itemprop=\"image\" srcset=\"https:\/\/www.iescristobaldemonroy.es\/wordpress\/wp-content\/uploads\/TranspInter.png 552w, https:\/\/www.iescristobaldemonroy.es\/wordpress\/wp-content\/uploads\/TranspInter-300x70.png 300w, https:\/\/www.iescristobaldemonroy.es\/wordpress\/wp-content\/uploads\/TranspInter-400x93.png 400w\" sizes=\"auto, (max-width: 552px) 100vw, 552px\" \/><\/a>\t\t<\/div>\n\t\t\t\t\t\t\t\t<div class=\"wp-show-posts-entry-summary\" itemprop=\"text\">\n\t\t\t\t\t\t\t\t\t\t\t\t\t<\/div><!-- .entry-summary -->\n\t\t\t\t\t<div class=\"wpsp-read-more\"><a title=\"1\u00ba Ciclo Formativo Grado Superior de Transporte Internacional\" class=\"wp-show-posts-read-more\" href=\"https:\/\/www.iescristobaldemonroy.es\/wordpress\/2024\/09\/06\/1o-ciclo-formativo-de-transporte-internacional\/\">Leer m\u00e1s<\/a><\/div><\/div><!-- wp-show-posts-inner --><\/article><article class=\" wp-show-posts-single post-9035 post type-post status-publish format-standard has-post-thumbnail hentry category-erasmus category-proyecto-piloto wpsp-col-6\" itemtype=\"http:\/\/schema.org\/CreativeWork\" itemscope><div class=\"wp-show-posts-inner\" style=\"\">\t\t\t\t\t\t<header class=\"wp-show-posts-entry-header\">\n\t\t\t\t\t\t\t<h2 class=\"wp-show-posts-entry-title\" itemprop=\"headline\"><a href=\"https:\/\/www.iescristobaldemonroy.es\/wordpress\/2024\/07\/11\/fortaleciendo-lazos-con-la-experiencia-erasmus-en-oldenburg-y-hannover\/\" rel=\"bookmark\">Fortaleciendo lazos con la experiencia Erasmus en Oldenburg y Hannover<\/a><\/h2><div class=\"wp-show-posts-entry-meta wp-show-posts-entry-meta-below-title post-meta-inline\"><span class=\"wp-show-posts-posted-on wp-show-posts-meta\">\n\t\t\t\t\t<a href=\"https:\/\/www.iescristobaldemonroy.es\/wordpress\/2024\/07\/11\/fortaleciendo-lazos-con-la-experiencia-erasmus-en-oldenburg-y-hannover\/\" title=\"11:54 pm\" rel=\"bookmark\"><time class=\"wp-show-posts-entry-date published\" datetime=\"2024-07-11T23:54:54+00:00\" itemprop=\"datePublished\">11 julio, 2024<\/time><\/a>\n\t\t\t\t<\/span><\/div>\t\t\t\t\t\t<\/header><!-- .entry-header -->\n\t\t\t\t\t\t\t<div class=\"wp-show-posts-image  wpsp-image-center \">\n\t\t\t<a href=\"https:\/\/www.iescristobaldemonroy.es\/wordpress\/2024\/07\/11\/fortaleciendo-lazos-con-la-experiencia-erasmus-en-oldenburg-y-hannover\/\"  title=\"Fortaleciendo lazos con la experiencia Erasmus en Oldenburg y Hannover\"><img loading=\"lazy\" decoding=\"async\" width=\"752\" height=\"595\" src=\"https:\/\/www.iescristobaldemonroy.es\/wordpress\/wp-content\/uploads\/Oldenburg1.png\" class=\"attachment-full size-full wp-post-image\" alt=\"\" itemprop=\"image\" srcset=\"https:\/\/www.iescristobaldemonroy.es\/wordpress\/wp-content\/uploads\/Oldenburg1.png 752w, https:\/\/www.iescristobaldemonroy.es\/wordpress\/wp-content\/uploads\/Oldenburg1-300x237.png 300w, https:\/\/www.iescristobaldemonroy.es\/wordpress\/wp-content\/uploads\/Oldenburg1-682x540.png 682w, https:\/\/www.iescristobaldemonroy.es\/wordpress\/wp-content\/uploads\/Oldenburg1-400x316.png 400w\" sizes=\"auto, (max-width: 752px) 100vw, 752px\" \/><\/a>\t\t<\/div>\n\t\t\t\t\t\t\t\t<div class=\"wp-show-posts-entry-summary\" itemprop=\"text\">\n\t\t\t\t\t\t\t<p>Los profesores del Departamento de Comercio y Marketing, Jos\u00e9 Javier Franco y Auxiliadora Gordillo, junto a la vicedirectora del centro, Roc\u00edo Ortiz, han participado en una enriquecedora experiencia Erasmus en&#8230;<\/p>\n\t\t\t\t\t\t<\/div><!-- .entry-summary -->\n\t\t\t\t\t<div class=\"wpsp-read-more\"><a title=\"Fortaleciendo lazos con la experiencia Erasmus en Oldenburg y Hannover\" class=\"wp-show-posts-read-more\" href=\"https:\/\/www.iescristobaldemonroy.es\/wordpress\/2024\/07\/11\/fortaleciendo-lazos-con-la-experiencia-erasmus-en-oldenburg-y-hannover\/\">Leer m\u00e1s<\/a><\/div><\/div><!-- wp-show-posts-inner --><\/article><article class=\" wp-show-posts-single post-9040 post type-post status-publish format-standard has-post-thumbnail hentry category-erasmus category-proyecto-piloto wpsp-col-6\" itemtype=\"http:\/\/schema.org\/CreativeWork\" itemscope><div class=\"wp-show-posts-inner\" style=\"\">\t\t\t\t\t\t<header class=\"wp-show-posts-entry-header\">\n\t\t\t\t\t\t\t<h2 class=\"wp-show-posts-entry-title\" itemprop=\"headline\"><a href=\"https:\/\/www.iescristobaldemonroy.es\/wordpress\/2024\/06\/05\/9040\/\" rel=\"bookmark\">Visita de la Ministra de Baja Sajonia a nuestros alumnos destaca el \u00e9xito del Proyecto Piloto CFGS Transporte y Log\u00edstica Dual<\/a><\/h2><div class=\"wp-show-posts-entry-meta wp-show-posts-entry-meta-below-title post-meta-inline\"><span class=\"wp-show-posts-posted-on wp-show-posts-meta\">\n\t\t\t\t\t<a href=\"https:\/\/www.iescristobaldemonroy.es\/wordpress\/2024\/06\/05\/9040\/\" title=\"10:24 pm\" rel=\"bookmark\"><time class=\"wp-show-posts-entry-date published\" datetime=\"2024-06-05T22:24:49+00:00\" itemprop=\"datePublished\">5 junio, 2024<\/time><time class=\"wp-show-posts-updated\" datetime=\"2024-07-11T22:40:29+00:00\" itemprop=\"dateModified\">11 julio, 2024<\/time><\/a>\n\t\t\t\t<\/span><\/div>\t\t\t\t\t\t<\/header><!-- .entry-header -->\n\t\t\t\t\t\t\t<div class=\"wp-show-posts-image  wpsp-image-center \">\n\t\t\t<a href=\"https:\/\/www.iescristobaldemonroy.es\/wordpress\/2024\/06\/05\/9040\/\"  title=\"Visita de la Ministra de Baja Sajonia a nuestros alumnos destaca el \u00e9xito del Proyecto Piloto CFGS Transporte y Log\u00edstica Dual\"><img loading=\"lazy\" decoding=\"async\" width=\"2464\" height=\"2560\" src=\"https:\/\/www.iescristobaldemonroy.es\/wordpress\/wp-content\/uploads\/inTimeMinistra-scaled.jpg\" class=\"attachment-full size-full wp-post-image\" alt=\"\" itemprop=\"image\" srcset=\"https:\/\/www.iescristobaldemonroy.es\/wordpress\/wp-content\/uploads\/inTimeMinistra-scaled.jpg 2464w, https:\/\/www.iescristobaldemonroy.es\/wordpress\/wp-content\/uploads\/inTimeMinistra-289x300.jpg 289w, https:\/\/www.iescristobaldemonroy.es\/wordpress\/wp-content\/uploads\/inTimeMinistra-986x1024.jpg 986w, https:\/\/www.iescristobaldemonroy.es\/wordpress\/wp-content\/uploads\/inTimeMinistra-768x798.jpg 768w, https:\/\/www.iescristobaldemonroy.es\/wordpress\/wp-content\/uploads\/inTimeMinistra-1479x1536.jpg 1479w, https:\/\/www.iescristobaldemonroy.es\/wordpress\/wp-content\/uploads\/inTimeMinistra-1972x2048.jpg 1972w, https:\/\/www.iescristobaldemonroy.es\/wordpress\/wp-content\/uploads\/inTimeMinistra-520x540.jpg 520w, https:\/\/www.iescristobaldemonroy.es\/wordpress\/wp-content\/uploads\/inTimeMinistra-400x416.jpg 400w\" sizes=\"auto, (max-width: 2464px) 100vw, 2464px\" \/><\/a>\t\t<\/div>\n\t\t\t\t\t\t\t\t<div class=\"wp-show-posts-entry-summary\" itemprop=\"text\">\n\t\t\t\t\t\t\t<p>La Ministra de Asuntos Federales, Europeos y de Desarrollo Regional de Baja Sajonia, Wiebke Osigus, visit\u00f3 a nuestros alumnos del Proyecto Piloto de Transporte y Log\u00edstica, Curro Bono y Diego&#8230;<\/p>\n\t\t\t\t\t\t<\/div><!-- .entry-summary -->\n\t\t\t\t\t<div class=\"wpsp-read-more\"><a title=\"Visita de la Ministra de Baja Sajonia a nuestros alumnos destaca el \u00e9xito del Proyecto Piloto CFGS Transporte y Log\u00edstica Dual\" class=\"wp-show-posts-read-more\" href=\"https:\/\/www.iescristobaldemonroy.es\/wordpress\/2024\/06\/05\/9040\/\">Leer m\u00e1s<\/a><\/div><\/div><!-- wp-show-posts-inner --><\/article><article class=\" wp-show-posts-single post-8695 post type-post status-publish format-standard has-post-thumbnail hentry category-ciclos-formativos category-proyecto-piloto wpsp-col-6\" itemtype=\"http:\/\/schema.org\/CreativeWork\" itemscope><div class=\"wp-show-posts-inner\" style=\"\">\t\t\t\t\t\t<header class=\"wp-show-posts-entry-header\">\n\t\t\t\t\t\t\t<h2 class=\"wp-show-posts-entry-title\" itemprop=\"headline\"><a href=\"https:\/\/www.iescristobaldemonroy.es\/wordpress\/2024\/03\/28\/presentacion-en-bruselas-del-proyecto-piloto-de-transporte-y-logistica-dual-modelo-aleman\/\" rel=\"bookmark\">Presentaci\u00f3n en Bruselas del Proyecto Piloto de Transporte y Log\u00edstica Dual modelo alem\u00e1n<\/a><\/h2><div class=\"wp-show-posts-entry-meta wp-show-posts-entry-meta-below-title post-meta-inline\"><span class=\"wp-show-posts-posted-on wp-show-posts-meta\">\n\t\t\t\t\t<a href=\"https:\/\/www.iescristobaldemonroy.es\/wordpress\/2024\/03\/28\/presentacion-en-bruselas-del-proyecto-piloto-de-transporte-y-logistica-dual-modelo-aleman\/\" title=\"11:51 am\" rel=\"bookmark\"><time class=\"wp-show-posts-entry-date published\" datetime=\"2024-03-28T11:51:18+00:00\" itemprop=\"datePublished\">28 marzo, 2024<\/time><\/a>\n\t\t\t\t<\/span><\/div>\t\t\t\t\t\t<\/header><!-- .entry-header -->\n\t\t\t\t\t\t\t<div class=\"wp-show-posts-image  wpsp-image-center \">\n\t\t\t<a href=\"https:\/\/www.iescristobaldemonroy.es\/wordpress\/2024\/03\/28\/presentacion-en-bruselas-del-proyecto-piloto-de-transporte-y-logistica-dual-modelo-aleman\/\"  title=\"Presentaci\u00f3n en Bruselas del Proyecto Piloto de Transporte y Log\u00edstica Dual modelo alem\u00e1n\"><img loading=\"lazy\" decoding=\"async\" width=\"1600\" height=\"1200\" src=\"https:\/\/www.iescristobaldemonroy.es\/wordpress\/wp-content\/uploads\/Bruselas15.jpg\" class=\"attachment-full size-full wp-post-image\" alt=\"\" itemprop=\"image\" srcset=\"https:\/\/www.iescristobaldemonroy.es\/wordpress\/wp-content\/uploads\/Bruselas15.jpg 1600w, https:\/\/www.iescristobaldemonroy.es\/wordpress\/wp-content\/uploads\/Bruselas15-300x225.jpg 300w, https:\/\/www.iescristobaldemonroy.es\/wordpress\/wp-content\/uploads\/Bruselas15-1024x768.jpg 1024w, https:\/\/www.iescristobaldemonroy.es\/wordpress\/wp-content\/uploads\/Bruselas15-768x576.jpg 768w, https:\/\/www.iescristobaldemonroy.es\/wordpress\/wp-content\/uploads\/Bruselas15-1536x1152.jpg 1536w, https:\/\/www.iescristobaldemonroy.es\/wordpress\/wp-content\/uploads\/Bruselas15-720x540.jpg 720w, https:\/\/www.iescristobaldemonroy.es\/wordpress\/wp-content\/uploads\/Bruselas15-400x300.jpg 400w\" sizes=\"auto, (max-width: 1600px) 100vw, 1600px\" \/><\/a>\t\t<\/div>\n\t\t\t\t\t\t\t\t<div class=\"wp-show-posts-entry-summary\" itemprop=\"text\">\n\t\t\t\t\t\t\t<p>El pasado jueves d\u00eda 7 de marzo, hemos viajado a Bruselas un equipo andaluz&nbsp; liderado por la Consejera de Desarrollo Educativo y Formaci\u00f3n Profesional, Patricia del Pozo, la Directora General&#8230;<\/p>\n\t\t\t\t\t\t<\/div><!-- .entry-summary -->\n\t\t\t\t\t<div class=\"wpsp-read-more\"><a title=\"Presentaci\u00f3n en Bruselas del Proyecto Piloto de Transporte y Log\u00edstica Dual modelo alem\u00e1n\" class=\"wp-show-posts-read-more\" href=\"https:\/\/www.iescristobaldemonroy.es\/wordpress\/2024\/03\/28\/presentacion-en-bruselas-del-proyecto-piloto-de-transporte-y-logistica-dual-modelo-aleman\/\">Leer m\u00e1s<\/a><\/div><\/div><!-- wp-show-posts-inner --><\/article><div class=\"wpsp-clear\"><\/div><\/section><!-- .wp-show-posts --><div class=\"wpsp-load-more\"><span aria-current=\"page\" class=\"page-numbers current\">1<\/span>\n<a class=\"page-numbers\" href=\"https:\/\/www.iescristobaldemonroy.es\/wordpress\/wp-json\/wp\/v2\/pages\/5131\/page\/2\/\">2<\/a>\n<span class=\"page-numbers dots\">&hellip;<\/span>\n<a class=\"page-numbers\" href=\"https:\/\/www.iescristobaldemonroy.es\/wordpress\/wp-json\/wp\/v2\/pages\/5131\/page\/5\/\">5<\/a>\n<a class=\"next page-numbers\" href=\"https:\/\/www.iescristobaldemonroy.es\/wordpress\/wp-json\/wp\/v2\/pages\/5131\/page\/2\/\">Siguiente &rarr;<\/a><\/div>\n<\/div>\n","protected":false},"excerpt":{"rendered":"<p>El pr\u00f3ximo curso comenzaremos a impartir el Proyecto Piloto de Transporte y Log\u00edstica Dual seg\u00fan la modalidad de Formaci\u00f3n Profesional alemana. A lo largo de los tres cursos que comprende el proyecto ser\u00e1s un aprendiz en la empresa con un contrato remunerado de formaci\u00f3n y aprendizaje. Cada d\u00eda te formar\u00e1s en la empresa y en el centro educativo y tendr\u00e1s la opci\u00f3n de realizar movilidades Erasmus durante el tercer curso. Una vez finalizado el ciclo, podr\u00e1s solicitar la homologaci\u00f3n del t\u00edtulo con su equivalente alem\u00e1n.<\/p>\n","protected":false},"author":1,"featured_media":0,"parent":0,"menu_order":0,"comment_status":"closed","ping_status":"closed","template":"","meta":{"ngg_post_thumbnail":0,"footnotes":""},"class_list":["post-5131","page","type-page","status-publish","hentry"],"_links":{"self":[{"href":"https:\/\/www.iescristobaldemonroy.es\/wordpress\/wp-json\/wp\/v2\/pages\/5131","targetHints":{"allow":["GET"]}}],"collection":[{"href":"https:\/\/www.iescristobaldemonroy.es\/wordpress\/wp-json\/wp\/v2\/pages"}],"about":[{"href":"https:\/\/www.iescristobaldemonroy.es\/wordpress\/wp-json\/wp\/v2\/types\/page"}],"author":[{"embeddable":true,"href":"https:\/\/www.iescristobaldemonroy.es\/wordpress\/wp-json\/wp\/v2\/users\/1"}],"replies":[{"embeddable":true,"href":"https:\/\/www.iescristobaldemonroy.es\/wordpress\/wp-json\/wp\/v2\/comments?post=5131"}],"version-history":[{"count":22,"href":"https:\/\/www.iescristobaldemonroy.es\/wordpress\/wp-json\/wp\/v2\/pages\/5131\/revisions"}],"predecessor-version":[{"id":5443,"href":"https:\/\/www.iescristobaldemonroy.es\/wordpress\/wp-json\/wp\/v2\/pages\/5131\/revisions\/5443"}],"wp:attachment":[{"href":"https:\/\/www.iescristobaldemonroy.es\/wordpress\/wp-json\/wp\/v2\/media?parent=5131"}],"curies":[{"name":"wp","href":"https:\/\/api.w.org\/{rel}","templated":true}]}}